{"id":94,"date":"2026-06-02T18:39:26","date_gmt":"2026-06-02T18:39:26","guid":{"rendered":"https:\/\/alonsotanatologo.com\/?page_id=94"},"modified":"2026-08-15T21:21:42","modified_gmt":"2026-08-16T03:21:42","slug":"blog","status":"publish","type":"page","link":"https:\/\/alonsotanatologo.com\/?page_id=94","title":{"rendered":"Blog"},"content":{"rendered":"\t\t<div data-elementor-type=\"wp-page\" data-elementor-id=\"94\" class=\"elementor elementor-94\" data-elementor-post-type=\"page\">\n\t\t\t\t\t\t<section class=\"elementor-section elementor-top-section elementor-element elementor-element-f778c35 elementor-section-boxed elementor-section-height-default elementor-section-height-default\" data-id=\"f778c35\" data-element_type=\"section\" data-e-type=\"section\">\n\t\t\t\t\t\t<div class=\"elementor-container elementor-column-gap-default\">\n\t\t\t\t\t<div class=\"elementor-column elementor-col-100 elementor-top-column elementor-element elementor-element-20f18ab\" data-id=\"20f18ab\" data-element_type=\"column\" data-e-type=\"column\">\n\t\t\t<div class=\"elementor-widget-wrap elementor-element-populated\">\n\t\t\t\t\t\t<div class=\"elementor-element elementor-element-a53b8bc elementor-grid-3 elementor-grid-tablet-2 elementor-grid-mobile-1 elementor-posts--thumbnail-top elementor-widget elementor-widget-posts\" data-id=\"a53b8bc\" data-element_type=\"widget\" data-e-type=\"widget\" data-settings=\"{&quot;classic_columns&quot;:&quot;3&quot;,&quot;classic_columns_tablet&quot;:&quot;2&quot;,&quot;classic_columns_mobile&quot;:&quot;1&quot;,&quot;classic_row_gap&quot;:{&quot;unit&quot;:&quot;px&quot;,&quot;size&quot;:35,&quot;sizes&quot;:[]},&quot;classic_row_gap_tablet&quot;:{&quot;unit&quot;:&quot;px&quot;,&quot;size&quot;:&quot;&quot;,&quot;sizes&quot;:[]},&quot;classic_row_gap_mobile&quot;:{&quot;unit&quot;:&quot;px&quot;,&quot;size&quot;:&quot;&quot;,&quot;sizes&quot;:[]}}\" data-widget_type=\"posts.classic\">\n\t\t\t\t<div class=\"elementor-widget-container\">\n\t\t\t\t\t\t\t<div class=\"elementor-posts-container elementor-posts elementor-posts--skin-classic elementor-grid\" role=\"list\">\n\t\t\t\t<article class=\"elementor-post elementor-grid-item post-351 post type-post status-publish format-standard has-post-thumbnail hentry category-investigacion tag-duelo tag-testamento\" role=\"listitem\">\n\t\t\t\t<a class=\"elementor-post__thumbnail__link\" href=\"https:\/\/alonsotanatologo.com\/?p=351\" tabindex=\"-1\" >\n\t\t\t<div class=\"elementor-post__thumbnail\"><img fetchpriority=\"high\" decoding=\"async\" width=\"300\" height=\"167\" src=\"https:\/\/alonsotanatologo.com\/wp-content\/uploads\/2026\/07\/imagen-blog-8-300x167.jpg\" class=\"attachment-medium size-medium wp-image-352\" alt=\"\" srcset=\"https:\/\/alonsotanatologo.com\/wp-content\/uploads\/2026\/07\/imagen-blog-8-300x167.jpg 300w, https:\/\/alonsotanatologo.com\/wp-content\/uploads\/2026\/07\/imagen-blog-8-1024x572.jpg 1024w, https:\/\/alonsotanatologo.com\/wp-content\/uploads\/2026\/07\/imagen-blog-8-768x429.jpg 768w, https:\/\/alonsotanatologo.com\/wp-content\/uploads\/2026\/07\/imagen-blog-8-1536x857.jpg 1536w, https:\/\/alonsotanatologo.com\/wp-content\/uploads\/2026\/07\/imagen-blog-8-2048x1143.jpg 2048w\" sizes=\"(max-width: 300px) 100vw, 300px\" \/><\/div>\n\t\t<\/a>\n\t\t\t\t<div class=\"elementor-post__text\">\n\t\t\t\t<h3 class=\"elementor-post__title\">\n\t\t\t<a href=\"https:\/\/alonsotanatologo.com\/?p=351\" >\n\t\t\t\tTestamento de vida o voluntad anticipada: C\u00f3mo decidir hoy sobre los tratamientos m\u00e9dicos que deseamos recibir en el futuro\t\t\t<\/a>\n\t\t<\/h3>\n\t\t\t\t<div class=\"elementor-post__meta-data\">\n\t\t\t\t\t<span class=\"elementor-post-date\">\n\t\t\tjulio 3, 2026\t\t<\/span>\n\t\t\t\t<span class=\"elementor-post-avatar\">\n\t\t\tNo hay comentarios\t\t<\/span>\n\t\t\t\t<\/div>\n\t\t\t\t<div class=\"elementor-post__excerpt\">\n\t\t\t<p>El testamento de vida o documento de voluntad anticipada se ha convertido en una herramienta fundamental de la tanatolog\u00eda y la bio\u00e9tica moderna, permitiendo que<\/p>\n\t\t<\/div>\n\t\t\n\t\t<a class=\"elementor-post__read-more\" href=\"https:\/\/alonsotanatologo.com\/?p=351\" aria-label=\"Read more about Testamento de vida o voluntad anticipada: C\u00f3mo decidir hoy sobre los tratamientos m\u00e9dicos que deseamos recibir en el futuro\" tabindex=\"-1\" >\n\t\t\tRead More \u00bb\t\t<\/a>\n\n\t\t\t\t<\/div>\n\t\t\t\t<\/article>\n\t\t\t\t<article class=\"elementor-post elementor-grid-item post-348 post type-post status-publish format-standard has-post-thumbnail hentry category-investigacion tag-duelo tag-espiritualidad tag-religiosidad\" role=\"listitem\">\n\t\t\t\t<a class=\"elementor-post__thumbnail__link\" href=\"https:\/\/alonsotanatologo.com\/?p=348\" tabindex=\"-1\" >\n\t\t\t<div class=\"elementor-post__thumbnail\"><img decoding=\"async\" width=\"300\" height=\"167\" src=\"https:\/\/alonsotanatologo.com\/wp-content\/uploads\/2026\/07\/imagen-blog-7-300x167.jpg\" class=\"attachment-medium size-medium wp-image-349\" alt=\"\" srcset=\"https:\/\/alonsotanatologo.com\/wp-content\/uploads\/2026\/07\/imagen-blog-7-300x167.jpg 300w, https:\/\/alonsotanatologo.com\/wp-content\/uploads\/2026\/07\/imagen-blog-7-1024x572.jpg 1024w, https:\/\/alonsotanatologo.com\/wp-content\/uploads\/2026\/07\/imagen-blog-7-768x429.jpg 768w, https:\/\/alonsotanatologo.com\/wp-content\/uploads\/2026\/07\/imagen-blog-7-1536x857.jpg 1536w, https:\/\/alonsotanatologo.com\/wp-content\/uploads\/2026\/07\/imagen-blog-7-2048x1143.jpg 2048w\" sizes=\"(max-width: 300px) 100vw, 300px\" \/><\/div>\n\t\t<\/a>\n\t\t\t\t<div class=\"elementor-post__text\">\n\t\t\t\t<h3 class=\"elementor-post__title\">\n\t\t\t<a href=\"https:\/\/alonsotanatologo.com\/?p=348\" >\n\t\t\t\tNecesidades espirituales frente a necesidades religiosas: La distinci\u00f3n entre ritos institucionales y la b\u00fasqueda trascendente de paz interior\t\t\t<\/a>\n\t\t<\/h3>\n\t\t\t\t<div class=\"elementor-post__meta-data\">\n\t\t\t\t\t<span class=\"elementor-post-date\">\n\t\t\tjulio 3, 2026\t\t<\/span>\n\t\t\t\t<span class=\"elementor-post-avatar\">\n\t\t\tNo hay comentarios\t\t<\/span>\n\t\t\t\t<\/div>\n\t\t\t\t<div class=\"elementor-post__excerpt\">\n\t\t\t<p>En el \u00e1mbito de la tanatolog\u00eda y el acompa\u00f1amiento al final de la vida, es fundamental distinguir entre la dimensi\u00f3n religiosa y la dimensi\u00f3n espiritual<\/p>\n\t\t<\/div>\n\t\t\n\t\t<a class=\"elementor-post__read-more\" href=\"https:\/\/alonsotanatologo.com\/?p=348\" aria-label=\"Read more about Necesidades espirituales frente a necesidades religiosas: La distinci\u00f3n entre ritos institucionales y la b\u00fasqueda trascendente de paz interior\" tabindex=\"-1\" >\n\t\t\tRead More \u00bb\t\t<\/a>\n\n\t\t\t\t<\/div>\n\t\t\t\t<\/article>\n\t\t\t\t<article class=\"elementor-post elementor-grid-item post-345 post type-post status-publish format-standard has-post-thumbnail hentry category-investigacion tag-duelo\" role=\"listitem\">\n\t\t\t\t<a class=\"elementor-post__thumbnail__link\" href=\"https:\/\/alonsotanatologo.com\/?p=345\" tabindex=\"-1\" >\n\t\t\t<div class=\"elementor-post__thumbnail\"><img decoding=\"async\" width=\"300\" height=\"164\" src=\"https:\/\/alonsotanatologo.com\/wp-content\/uploads\/2026\/07\/imagen-blog-6-300x164.jpg\" class=\"attachment-medium size-medium wp-image-346\" alt=\"\" srcset=\"https:\/\/alonsotanatologo.com\/wp-content\/uploads\/2026\/07\/imagen-blog-6-300x164.jpg 300w, https:\/\/alonsotanatologo.com\/wp-content\/uploads\/2026\/07\/imagen-blog-6-1024x559.jpg 1024w, https:\/\/alonsotanatologo.com\/wp-content\/uploads\/2026\/07\/imagen-blog-6-768x419.jpg 768w, https:\/\/alonsotanatologo.com\/wp-content\/uploads\/2026\/07\/imagen-blog-6-1536x838.jpg 1536w, https:\/\/alonsotanatologo.com\/wp-content\/uploads\/2026\/07\/imagen-blog-6-2048x1117.jpg 2048w\" sizes=\"(max-width: 300px) 100vw, 300px\" \/><\/div>\n\t\t<\/a>\n\t\t\t\t<div class=\"elementor-post__text\">\n\t\t\t\t<h3 class=\"elementor-post__title\">\n\t\t\t<a href=\"https:\/\/alonsotanatologo.com\/?p=345\" >\n\t\t\t\tEutanasia, Distanasia y Ortotanasia: El Dilema \u00c9tico ante el Final de la Vida\t\t\t<\/a>\n\t\t<\/h3>\n\t\t\t\t<div class=\"elementor-post__meta-data\">\n\t\t\t\t\t<span class=\"elementor-post-date\">\n\t\t\tjulio 3, 2026\t\t<\/span>\n\t\t\t\t<span class=\"elementor-post-avatar\">\n\t\t\tNo hay comentarios\t\t<\/span>\n\t\t\t\t<\/div>\n\t\t\t\t<div class=\"elementor-post__excerpt\">\n\t\t\t<p>En la medicina contempor\u00e1nea, el proceso de morir ha dejado de ser un evento natural en el hogar para convertirse, en muchos casos, en un<\/p>\n\t\t<\/div>\n\t\t\n\t\t<a class=\"elementor-post__read-more\" href=\"https:\/\/alonsotanatologo.com\/?p=345\" aria-label=\"Read more about Eutanasia, Distanasia y Ortotanasia: El Dilema \u00c9tico ante el Final de la Vida\" tabindex=\"-1\" >\n\t\t\tRead More \u00bb\t\t<\/a>\n\n\t\t\t\t<\/div>\n\t\t\t\t<\/article>\n\t\t\t\t<article class=\"elementor-post elementor-grid-item post-342 post type-post status-publish format-standard has-post-thumbnail hentry category-duelo-normal tag-desarrollo tag-duelo tag-ninez\" role=\"listitem\">\n\t\t\t\t<a class=\"elementor-post__thumbnail__link\" href=\"https:\/\/alonsotanatologo.com\/?p=342\" tabindex=\"-1\" >\n\t\t\t<div class=\"elementor-post__thumbnail\"><img loading=\"lazy\" decoding=\"async\" width=\"300\" height=\"164\" src=\"https:\/\/alonsotanatologo.com\/wp-content\/uploads\/2026\/07\/imagen-blog-5-300x164.jpg\" class=\"attachment-medium size-medium wp-image-343\" alt=\"\" srcset=\"https:\/\/alonsotanatologo.com\/wp-content\/uploads\/2026\/07\/imagen-blog-5-300x164.jpg 300w, https:\/\/alonsotanatologo.com\/wp-content\/uploads\/2026\/07\/imagen-blog-5-1024x559.jpg 1024w, https:\/\/alonsotanatologo.com\/wp-content\/uploads\/2026\/07\/imagen-blog-5-768x419.jpg 768w, https:\/\/alonsotanatologo.com\/wp-content\/uploads\/2026\/07\/imagen-blog-5-1536x838.jpg 1536w, https:\/\/alonsotanatologo.com\/wp-content\/uploads\/2026\/07\/imagen-blog-5-2048x1117.jpg 2048w\" sizes=\"(max-width: 300px) 100vw, 300px\" \/><\/div>\n\t\t<\/a>\n\t\t\t\t<div class=\"elementor-post__text\">\n\t\t\t\t<h3 class=\"elementor-post__title\">\n\t\t\t<a href=\"https:\/\/alonsotanatologo.com\/?p=342\" >\n\t\t\t\tEl desarrollo cognitivo de la muerte en la infancia: Un viaje del \u00abNo est\u00e1\u00bb a la irreversibilidad (0-12 a\u00f1os)\t\t\t<\/a>\n\t\t<\/h3>\n\t\t\t\t<div class=\"elementor-post__meta-data\">\n\t\t\t\t\t<span class=\"elementor-post-date\">\n\t\t\tjulio 3, 2026\t\t<\/span>\n\t\t\t\t<span class=\"elementor-post-avatar\">\n\t\t\tNo hay comentarios\t\t<\/span>\n\t\t\t\t<\/div>\n\t\t\t\t<div class=\"elementor-post__excerpt\">\n\t\t\t<p>La comprensi\u00f3n que un ni\u00f1o tiene sobre la muerte es un proceso complejo y din\u00e1mico que evoluciona junto con sus capacidades intelectuales y emocionales. Lejos<\/p>\n\t\t<\/div>\n\t\t\n\t\t<a class=\"elementor-post__read-more\" href=\"https:\/\/alonsotanatologo.com\/?p=342\" aria-label=\"Read more about El desarrollo cognitivo de la muerte en la infancia: Un viaje del \u00abNo est\u00e1\u00bb a la irreversibilidad (0-12 a\u00f1os)\" tabindex=\"-1\" >\n\t\t\tRead More \u00bb\t\t<\/a>\n\n\t\t\t\t<\/div>\n\t\t\t\t<\/article>\n\t\t\t\t<article class=\"elementor-post elementor-grid-item post-339 post type-post status-publish format-standard has-post-thumbnail hentry category-investigacion tag-duelo tag-investigacion\" role=\"listitem\">\n\t\t\t\t<a class=\"elementor-post__thumbnail__link\" href=\"https:\/\/alonsotanatologo.com\/?p=339\" tabindex=\"-1\" >\n\t\t\t<div class=\"elementor-post__thumbnail\"><img loading=\"lazy\" decoding=\"async\" width=\"300\" height=\"164\" src=\"https:\/\/alonsotanatologo.com\/wp-content\/uploads\/2026\/07\/imagen-blog-4-300x164.jpg\" class=\"attachment-medium size-medium wp-image-340\" alt=\"\" srcset=\"https:\/\/alonsotanatologo.com\/wp-content\/uploads\/2026\/07\/imagen-blog-4-300x164.jpg 300w, https:\/\/alonsotanatologo.com\/wp-content\/uploads\/2026\/07\/imagen-blog-4-1024x559.jpg 1024w, https:\/\/alonsotanatologo.com\/wp-content\/uploads\/2026\/07\/imagen-blog-4-768x419.jpg 768w, https:\/\/alonsotanatologo.com\/wp-content\/uploads\/2026\/07\/imagen-blog-4-1536x838.jpg 1536w, https:\/\/alonsotanatologo.com\/wp-content\/uploads\/2026\/07\/imagen-blog-4-2048x1117.jpg 2048w\" sizes=\"(max-width: 300px) 100vw, 300px\" \/><\/div>\n\t\t<\/a>\n\t\t\t\t<div class=\"elementor-post__text\">\n\t\t\t\t<h3 class=\"elementor-post__title\">\n\t\t\t<a href=\"https:\/\/alonsotanatologo.com\/?p=339\" >\n\t\t\t\tEl legado de Elisabeth K\u00fcbler-Ross: \u00bfSiguen vigentes las etapas del duelo en la actualidad?\t\t\t<\/a>\n\t\t<\/h3>\n\t\t\t\t<div class=\"elementor-post__meta-data\">\n\t\t\t\t\t<span class=\"elementor-post-date\">\n\t\t\tjulio 3, 2026\t\t<\/span>\n\t\t\t\t<span class=\"elementor-post-avatar\">\n\t\t\tNo hay comentarios\t\t<\/span>\n\t\t\t\t<\/div>\n\t\t\t\t<div class=\"elementor-post__excerpt\">\n\t\t\t<p>El legado de Elisabeth K\u00fcbler-Ross: \u00bfSiguen vigentes las etapas del duelo en la actualidad? La publicaci\u00f3n en 1969 de la obra Sobre la muerte y<\/p>\n\t\t<\/div>\n\t\t\n\t\t<a class=\"elementor-post__read-more\" href=\"https:\/\/alonsotanatologo.com\/?p=339\" aria-label=\"Read more about El legado de Elisabeth K\u00fcbler-Ross: \u00bfSiguen vigentes las etapas del duelo en la actualidad?\" tabindex=\"-1\" >\n\t\t\tRead More \u00bb\t\t<\/a>\n\n\t\t\t\t<\/div>\n\t\t\t\t<\/article>\n\t\t\t\t<article class=\"elementor-post elementor-grid-item post-336 post type-post status-publish format-standard has-post-thumbnail hentry category-duelo-normal tag-duelo tag-psicologia\" role=\"listitem\">\n\t\t\t\t<a class=\"elementor-post__thumbnail__link\" href=\"https:\/\/alonsotanatologo.com\/?p=336\" tabindex=\"-1\" >\n\t\t\t<div class=\"elementor-post__thumbnail\"><img loading=\"lazy\" decoding=\"async\" width=\"300\" height=\"164\" src=\"https:\/\/alonsotanatologo.com\/wp-content\/uploads\/2026\/07\/imagen-blog-3-300x164.jpg\" class=\"attachment-medium size-medium wp-image-337\" alt=\"\" srcset=\"https:\/\/alonsotanatologo.com\/wp-content\/uploads\/2026\/07\/imagen-blog-3-300x164.jpg 300w, https:\/\/alonsotanatologo.com\/wp-content\/uploads\/2026\/07\/imagen-blog-3-1024x559.jpg 1024w, https:\/\/alonsotanatologo.com\/wp-content\/uploads\/2026\/07\/imagen-blog-3-768x419.jpg 768w, https:\/\/alonsotanatologo.com\/wp-content\/uploads\/2026\/07\/imagen-blog-3-1536x838.jpg 1536w, https:\/\/alonsotanatologo.com\/wp-content\/uploads\/2026\/07\/imagen-blog-3-2048x1117.jpg 2048w\" sizes=\"(max-width: 300px) 100vw, 300px\" \/><\/div>\n\t\t<\/a>\n\t\t\t\t<div class=\"elementor-post__text\">\n\t\t\t\t<h3 class=\"elementor-post__title\">\n\t\t\t<a href=\"https:\/\/alonsotanatologo.com\/?p=336\" >\n\t\t\t\t\u00bfDe qu\u00e9 trata las 4 tareas del duelo de Worden?\t\t\t<\/a>\n\t\t<\/h3>\n\t\t\t\t<div class=\"elementor-post__meta-data\">\n\t\t\t\t\t<span class=\"elementor-post-date\">\n\t\t\tjulio 3, 2026\t\t<\/span>\n\t\t\t\t<span class=\"elementor-post-avatar\">\n\t\t\tNo hay comentarios\t\t<\/span>\n\t\t\t\t<\/div>\n\t\t\t\t<div class=\"elementor-post__excerpt\">\n\t\t\t<p>El enfoque de William Worden representa un cambio fundamental en la tanatolog\u00eda moderna, al pasar de una concepci\u00f3n del duelo como un estado pasivo de<\/p>\n\t\t<\/div>\n\t\t\n\t\t<a class=\"elementor-post__read-more\" href=\"https:\/\/alonsotanatologo.com\/?p=336\" aria-label=\"Read more about \u00bfDe qu\u00e9 trata las 4 tareas del duelo de Worden?\" tabindex=\"-1\" >\n\t\t\tRead More \u00bb\t\t<\/a>\n\n\t\t\t\t<\/div>\n\t\t\t\t<\/article>\n\t\t\t\t<\/div>\n\t\t\n\t\t\t\t\t\t<\/div>\n\t\t\t\t<\/div>\n\t\t\t\t\t<\/div>\n\t\t<\/div>\n\t\t\t\t\t<\/div>\n\t\t<\/section>\n\t\t\t\t<\/div>\n\t\t","protected":false},"excerpt":{"rendered":"","protected":false},"author":1,"featured_media":0,"parent":0,"menu_order":0,"comment_status":"closed","ping_status":"closed","template":"","meta":{"_customify_content_layout":"full-width","_customify_sidebar":"content","_customify_page_header_display":"none","_customify_disable_header":"","_customify_disable_header_top":"","_customify_disable_header_main":"","_customify_disable_header_bottom":"","_customify_disable_page_title":"","_customify_disable_content_vertical_padding":"","_customify_disable_footer_top":"","_customify_disable_footer_main":"","_customify_disable_footer_bottom":"","_customify_breadcrumb_display":"default","_customify_header_transparent_display":"default","footnotes":""},"class_list":["post-94","page","type-page","status-publish","hentry"],"_links":{"self":[{"href":"https:\/\/alonsotanatologo.com\/index.php?rest_route=\/wp\/v2\/pages\/94","targetHints":{"allow":["GET"]}}],"collection":[{"href":"https:\/\/alonsotanatologo.com\/index.php?rest_route=\/wp\/v2\/pages"}],"about":[{"href":"https:\/\/alonsotanatologo.com\/index.php?rest_route=\/wp\/v2\/types\/page"}],"author":[{"embeddable":true,"href":"https:\/\/alonsotanatologo.com\/index.php?rest_route=\/wp\/v2\/users\/1"}],"replies":[{"embeddable":true,"href":"https:\/\/alonsotanatologo.com\/index.php?rest_route=%2Fwp%2Fv2%2Fcomments&post=94"}],"version-history":[{"count":13,"href":"https:\/\/alonsotanatologo.com\/index.php?rest_route=\/wp\/v2\/pages\/94\/revisions"}],"predecessor-version":[{"id":378,"href":"https:\/\/alonsotanatologo.com\/index.php?rest_route=\/wp\/v2\/pages\/94\/revisions\/378"}],"wp:attachment":[{"href":"https:\/\/alonsotanatologo.com\/index.php?rest_route=%2Fwp%2Fv2%2Fmedia&parent=94"}],"curies":[{"name":"wp","href":"https:\/\/api.w.org\/{rel}","templated":true}]}}